{"id":85,"date":"2025-03-31T10:27:28","date_gmt":"2025-03-31T10:27:28","guid":{"rendered":"https:\/\/edu-maluszek.pl\/ver2025\/?page_id=85"},"modified":"2025-06-17T12:10:19","modified_gmt":"2025-06-17T12:10:19","slug":"przymorze","status":"publish","type":"page","link":"https:\/\/edu-maluszek.pl\/ver2025\/przymorze\/","title":{"rendered":"Przymorze"},"content":{"rendered":"\n\n\n<h2>Przedszkole na Przymorzu \u2013 grupa integracyjna dla dzieci ze spektrum autyzmu<\/h2>\n\n\n\n<h2>Dzia\u0142amy od 2012 roku<\/h2>\n\n\n\n\n\n\n\n\n\n\n\n\n\n\n\n\n\n\n\n\n\n\n\n\n\n\n\n\n\n\n\n\n\n\n\n\n<h2>Przyjazna atmosfera i bezpiecze\u0144stwo w komplecie<\/h2>\n\nCichy zak\u0105tek w sercu du\u017cego osiedla, blisko\u015b\u0107 parku Reagana, pla\u017cy w Brze\u017anie i innych atrakcyjnych miejsc na aktywne sp\u0119dzanie dnia z pociechami oraz rewelacyjne zorganizowanie przestrzeni samego przedszkola zaowocowa\u0142y powstaniem miejsca lubianego przez Maluchy, do kt\u00f3rego same ch\u0119tnie wracaj\u0105. Dwie du\u017ce sale na dwie grupy dzieci, obszerna szatnia i dwa gabinety do pracy indywidualnej tworz\u0105 komfort pracy zespo\u0142u. Do dyspozycji dzieci jest tablica interaktywna, kt\u00f3ra wspiera prowadzenie zaj\u0119\u0107 i rozwija multimedialnie. Przy przedszkolu znajduje si\u0119 tak\u017ce nasz w\u0142asny plac zabaw, jednak\u017ce preferujemy wyj\u015bcia na d\u0142u\u017csze spacery poza terenem plac\u00f3wki, gdy\u017c miejsc na w\u0119dr\u00f3wki nie brakuje!&nbsp;\nAdres: ul. Olszty\u0144ska 3c\/1, Gda\u0144sk<br>\nKom. 500 073 820<br>\nE-mail: przedszkole@edu-maluszek.pl<br>\n\n\n\n\n\n\n<br>\n<br>\n<br>\n<br>\n\n\n\n\n<h2>Jak u nas wygl\u0105da dzie\u0144 Malucha?<\/h2>\n\n\n\n\n\n\n\n\n\n\n\n\n\n\n\n<h2>Nie ma czasu na nud\u0119!<\/h2>\n\n\n\n\nRaz dziennie przez 5 dni w tygodniu ka\u017cda grupa ma zorganizowane zaj\u0119cia z j\u0119zykiem angielskim \u2013 dzieci pracuj\u0105 z ksi\u0105\u017ck\u0105, piosenk\u0105, kart\u0105 pracy, s\u0142uchaj\u0105 czytanych tekst\u00f3w i rozmawiaj\u0105.\nDwa razy w tygodniu dzieci \u015bpiewaj\u0105 podczas rytmiki, maj\u0105 zaj\u0119cia taneczne i graj\u0105 na instrumentach perkusyjnych. Nasze przedszkole rozbrzmiewa muzyk\u0105!\nNa naszych zaj\u0119ciach dzieci poznaj\u0105 zadziwiaj\u0105cy \u015bwiat fizyki i chemii. Od najm\u0142odszych lat ucz\u0105 si\u0119 proces\u00f3w zachodz\u0105cych w przyrodzie i odkrywaj\u0105 fascynuj\u0105ce zjawiska, kt\u00f3rych nie zaobserwuj\u0105 na codzie\u0144.\nW gronie naszego personelu jest pi\u0119ciu do\u015bwiadczonych terapeut\u00f3w z kwalifikacjami do pracy z dzie\u0107mi ze spektrum autyzmu, afazj\u0105, terapi\u0105 pedagogiczn\u0105 i indywidualn\u0105 wyr\u00f3wnawcz\u0105. Prowadzimy terapi\u0119 w zakresie wczesnego wspomagania rozwoju i logopedyczn\u0105, pracujemy z dzie\u0107mi nies\u0142ysz\u0105cymi.\nNasi logopedzi zdiagnozuj\u0105 i ustal\u0105 program \u0107wicze\u0144 na terenie przedszkola, kt\u00f3re b\u0119dzie mo\u017cna prowadzi\u0107 z dzieckiem tak\u017ce w domu.<br><br>\nCodzienne zaj\u0119cia i zabawy sportowe, og\u00f3lnorozwojowe, z elementami gimnastyki korekcyjnej.<br><br>\nWystawiamy w\u0142asne przedstawienia oraz organizujemy wycieczki do tr\u00f3jmiejskich miejsc kultury. Dzieci ucz\u0105 si\u0119 dzi\u0119ki temu poprawnej dykcji, koordynacji, \u0107wicz\u0105 pami\u0119\u0107 oraz staj\u0105 si\u0119 bardziej otwarte.\nStarsze dzieci konstruuj\u0105, manipuluj\u0105, skr\u0119caj\u0105, wkr\u0119caj\u0105, zbijaj\u0105 elementy ucz\u0105c si\u0119 pos\u0142ugiwania podstawowymi narz\u0119dziami.\n\n\n\n\n<h2>Zobacz jak wygl\u0105da dzie\u0144 w naszym przedszkolu<\/h2><h2><\/h2>\n\n\n\n\n\n\n\n","protected":false},"excerpt":{"rendered":"","protected":false},"author":1,"featured_media":0,"parent":0,"menu_order":0,"comment_status":"closed","ping_status":"closed","template":"","meta":{"pagelayer_contact_templates":[],"_pagelayer_content":"","footnotes":""},"class_list":["post-85","page","type-page","status-publish","hentry"],"_links":{"self":[{"href":"https:\/\/edu-maluszek.pl\/ver2025\/wp-json\/wp\/v2\/pages\/85","targetHints":{"allow":["GET"]}}],"collection":[{"href":"https:\/\/edu-maluszek.pl\/ver2025\/wp-json\/wp\/v2\/pages"}],"about":[{"href":"https:\/\/edu-maluszek.pl\/ver2025\/wp-json\/wp\/v2\/types\/page"}],"author":[{"embeddable":true,"href":"https:\/\/edu-maluszek.pl\/ver2025\/wp-json\/wp\/v2\/users\/1"}],"replies":[{"embeddable":true,"href":"https:\/\/edu-maluszek.pl\/ver2025\/wp-json\/wp\/v2\/comments?post=85"}],"version-history":[{"count":16,"href":"https:\/\/edu-maluszek.pl\/ver2025\/wp-json\/wp\/v2\/pages\/85\/revisions"}],"predecessor-version":[{"id":295,"href":"https:\/\/edu-maluszek.pl\/ver2025\/wp-json\/wp\/v2\/pages\/85\/revisions\/295"}],"wp:attachment":[{"href":"https:\/\/edu-maluszek.pl\/ver2025\/wp-json\/wp\/v2\/media?parent=85"}],"curies":[{"name":"wp","href":"https:\/\/api.w.org\/{rel}","templated":true}]}}